{"id":33,"date":"2019-04-13T10:53:40","date_gmt":"2019-04-13T10:53:40","guid":{"rendered":"http:\/\/pokrzywko.com\/?page_id=3"},"modified":"2021-12-30T17:40:30","modified_gmt":"2021-12-30T16:40:30","slug":"polityka-prywatnosci-2","status":"publish","type":"page","link":"https:\/\/veriv.eu\/index.php\/polityka-prywatnosci-2\/","title":{"rendered":"Polityka prywatno\u015bci"},"content":{"rendered":"\n<p style=\"text-align: justify;\">Kim jeste\u015bmy<br \/>Adresy naszej strony internetowej to: https:\/\/veriv.eu,\u00a0 oraz https:\/\/pokrzywko.com,<\/p>\n<p style=\"text-align: justify;\">\n\n<\/p>\n<p style=\"text-align: justify;\">Jakie dane osobiste zbieramy i dlaczego je zbieramy<\/p>\n<p style=\"text-align: justify;\">\n\n<\/p>\n<p style=\"text-align: justify;\">Komentarze<\/p>\n<p style=\"text-align: justify;\">\n\n<\/p>\n<p style=\"text-align: justify;\">Kiedy odwiedzaj\u0105cy witryn\u0119 zostawia komentarz, zbieramy dane widoczne w formularzu komentowania, jak i adres IP odwiedzaj\u0105cego oraz podpis jego przegl\u0105darki jako pomoc przy wykrywaniu spamu.<\/p>\n<p style=\"text-align: justify;\">\n\n<\/p>\n<p style=\"text-align: justify;\">Zanonimizowany ci\u0105g znak\u00f3w stworzony na podstawie twojego adresu email (tak zwany hash) mo\u017ce zosta\u0107 przes\u0142any do us\u0142ugi Gravatar w celu sprawdzenia czy jej u\u017cywasz. Polityka prywatno\u015bci us\u0142ugi Gravatar jest dost\u0119pna tutaj: https:\/\/automattic.com\/privacy\/. Po zatwierdzeniu komentarza tw\u00f3j obrazek profilowy jest widoczny publicznie w kontek\u015bcie twojego komentarza.<\/p>\n<p style=\"text-align: justify;\">\n\n<\/p>\n<h3 class=\"wp-block-heading\" style=\"text-align: justify;\">Media<\/h3>\n<p style=\"text-align: justify;\">\n\n<\/p>\n<p style=\"text-align: justify;\">Je\u015bli jeste\u015b zarejestrowanym u\u017cytkownikiem i wgrywasz na witryn\u0119 obrazki, powiniene\u015b unika\u0107 przesy\u0142ania obrazk\u00f3w z tagami EXIF lokalizacji. Odwiedzaj\u0105cy stron\u0119 mog\u0105 pobra\u0107 i odczyta\u0107 pe\u0142ne dane lokalizacyjne z obrazk\u00f3w w witrynie.<\/p>\n<p style=\"text-align: justify;\">\n\n<\/p>\n<h3 class=\"wp-block-heading\" style=\"text-align: justify;\">Formularze kontaktowe<\/h3>\n<p style=\"text-align: justify;\">\n\n<\/p>\n<h3 class=\"wp-block-heading\" style=\"text-align: justify;\">Ciasteczka<\/h3>\n<p style=\"text-align: justify;\">\n\n<\/p>\n<p style=\"text-align: justify;\">Je\u015bli zostawisz na naszej witrynie komentarz, b\u0119dziesz m\u00f3g\u0142 wybra\u0107 opcj\u0119 zapisu twojej nazwy, adresu email i adresu strony internetowej w ciasteczkach, dzi\u0119ki kt\u00f3rym podczas pisania kolejnych komentarzy powy\u017csze informacje b\u0119d\u0105 ju\u017c dogodnie uzupe\u0142nione. Te ciasteczka wygasaj\u0105 po roku.<\/p>\n<p style=\"text-align: justify;\">\n\n<\/p>\n<p style=\"text-align: justify;\">Je\u015bli masz konto i zalogujesz si\u0119 na tej witrynie, utworzymy tymczasowe ciasteczko na potrzeby sprawdzenia czy twoja przegl\u0105darka akceptuje ciasteczka. To ciasteczko nie zawiera \u017cadnych danych osobistych i zostanie wyrzucone kiedy zamkniesz przegl\u0105dark\u0119.<\/p>\n<p style=\"text-align: justify;\">\n\n<\/p>\n<p style=\"text-align: justify;\">Podczas logowania tworzymy dodatkowo kilka ciasteczek potrzebnych do zapisu twoich informacji logowania oraz wybranych opcji ekranu. Ciasteczka logowania wygasaj\u0105 po dw\u00f3ch dniach, a opcji ekranu po roku. Je\u015bli zaznaczysz opcj\u0119 \u201ePami\u0119taj mnie\u201d, logowanie wyga\u015bnie po dw\u00f3ch tygodniach. Je\u015bli wylogujesz si\u0119 ze swojego konta, ciasteczka logowania zostan\u0105 usuni\u0119te.<\/p>\n<p style=\"text-align: justify;\">\n\n<\/p>\n<p style=\"text-align: justify;\">Je\u015bli zmodyfikujesz albo opublikujesz artyku\u0142, w twojej przegl\u0105darce zostanie zapisane dodatkowe ciasteczko. To ciasteczko nie zawiera \u017cadnych danych osobistych, wskazuj\u0105c po prostu na identyfikator przed chwil\u0105 edytowanego artyku\u0142u. Wygasa ono po 1 dniu.<\/p>\n<p style=\"text-align: justify;\">\n\n<\/p>\n<h3 class=\"wp-block-heading\" style=\"text-align: justify;\">Osadzone tre\u015bci z innych witryn<\/h3>\n<p style=\"text-align: justify;\">\n\n<\/p>\n<p style=\"text-align: justify;\">Artyku\u0142y na tej witrynie mog\u0105 zawiera\u0107 osadzone tre\u015bci (np. filmy, obrazki, artyku\u0142y itp.). Osadzone tre\u015bci z innych witryn zachowuj\u0105 si\u0119 analogicznie do tego, jakby u\u017cytkownik odwiedzi\u0142 bezpo\u015brednio konkretn\u0105 witryn\u0119.<\/p>\n<p style=\"text-align: justify;\">\n\n<\/p>\n<p style=\"text-align: justify;\">Witryny mog\u0105 zbiera\u0107 informacje o tobie, u\u017cywa\u0107 ciasteczek, do\u0142\u0105cza\u0107 dodatkowe, zewn\u0119trzne systemy \u015bledzenia i monitorowa\u0107 twoje interakcje z osadzonym materia\u0142em, w\u0142\u0105czaj\u0105c w to \u015bledzenie twoich interakcji z osadzonym materia\u0142em je\u015bli posiadasz konto i jeste\u015b zalogowany w tamtej witrynie.<\/p>\n<p style=\"text-align: justify;\">\n\n<\/p>\n<p style=\"text-align: justify;\">Analiza statystyk<br \/>Z kim dzielimy si\u0119 danymi<br \/>Jak d\u0142ugo przechowujemy twoje dane<\/p>\n<p style=\"text-align: justify;\">\n\n<\/p>\n<p style=\"text-align: justify;\">Je\u015bli zostawisz komentarz, jego tre\u015b\u0107 i metadane b\u0119d\u0105 przechowywane przez czas nieokre\u015blony. Dzi\u0119ki temu jeste\u015bmy w stanie rozpoznawa\u0107 i zatwierdza\u0107 kolejne komentarze automatycznie, bez wysy\u0142ania ich do ka\u017cdorazowej moderacji.<\/p>\n<p style=\"text-align: justify;\">\n\n<\/p>\n<p style=\"text-align: justify;\">Dla u\u017cytkownik\u00f3w kt\u00f3rzy zarejestrowali si\u0119 na naszej stronie internetowej (je\u015bli tacy s\u0105), przechowujemy r\u00f3wnie\u017c informacje osobiste wprowadzone w profilu. Ka\u017cdy u\u017cytkownik mo\u017ce dokona\u0107 wgl\u0105du, korekty albo skasowa\u0107 swoje informacje osobiste w dowolnej chwili (nie licz\u0105c nazwy u\u017cytkownika, kt\u00f3rej nie mo\u017cna zmieni\u0107). Administratorzy strony r\u00f3wnie\u017c mog\u0105 przegl\u0105da\u0107 i modyfikowa\u0107 te informacje.<\/p>\n<p style=\"text-align: justify;\">\n\n<\/p>\n<p style=\"text-align: justify;\">Jakie masz prawa do swoich danych<\/p>\n<p style=\"text-align: justify;\">\n\n<\/p>\n<p style=\"text-align: justify;\">Je\u015bli masz konto u\u017cytkownika albo doda\u0142e\u015b komentarze w tej witrynie, mo\u017cesz za\u017c\u0105da\u0107 dostarczenia pliku z wyeksportowanym kompletem twoich danych osobistych b\u0119d\u0105cych w naszym posiadaniu, w tym ca\u0142o\u015b\u0107 tych dostarczonych przez ciebie. Mo\u017cesz r\u00f3wnie\u017c za\u017c\u0105da\u0107 usuni\u0119cia przez nas ca\u0142o\u015bci twoich danych osobistych w naszym posiadaniu. Nie dotyczy to \u017cadnych danych kt\u00f3re jeste\u015bmy zobligowani zachowa\u0107 ze wzgl\u0119d\u00f3w administracyjnych, prawnych albo bezpiecze\u0144stwa.<\/p>\n<p style=\"text-align: justify;\">\n\n<\/p>\n<p style=\"text-align: justify;\">Gdzie przesy\u0142amy dane<\/p>\n<p style=\"text-align: justify;\">\n\n<\/p>\n<p style=\"text-align: justify;\">Komentarze go\u015bci mog\u0105 by\u0107 sprawdzane za pomoc\u0105 automatycznej us\u0142ugi wykrywania spamu.<\/p>\n<p style=\"text-align: justify;\">\n\n<\/p>\n<p style=\"text-align: justify;\">Twoje dane kontaktowe<\/p>\n<p style=\"text-align: justify;\">\n\n<\/p>\n<p style=\"text-align: justify;\">Informacje dodatkowe<\/p>\n<p style=\"text-align: justify;\">\n\n<\/p>\n<p style=\"text-align: justify;\">Jak chronimy twoje dane?<\/p>\n<p style=\"text-align: justify;\">\n\n<\/p>\n<p style=\"text-align: justify;\">Jakie mamy obowi\u0105zuj\u0105ce procedury w przypadku naruszenia prywatno\u015bci danych<\/p>\n<p style=\"text-align: justify;\">\n\n<\/p>\n<p style=\"text-align: justify;\">Od jakich stron trzecich otrzymujemy dane<\/p>\n<p style=\"text-align: justify;\">\n\n<\/p>\n<p style=\"text-align: justify;\">Jakie automatyczne podejmowanie decyzji i\/lub tworzenie profili przeprowadzamy z u\u017cyciem danych u\u017cytkownika<\/p>\n<p style=\"text-align: justify;\">\n\n<\/p>\n<p style=\"text-align: justify;\">Bran\u017cowe wymogi regulacyjne dotycz\u0105ce ujawniania informacji<\/p>\n<p style=\"text-align: justify;\">\u00a0<\/p>\n<ol style=\"text-align: justify;\" start=\"1\">\n<li>Serwis nie zbiera w spos\u00f3b automatyczny \u017cadnych informacji, z wyj\u0105tkiem informacji zawartych w plikach cookies.<\/li>\n<li>Pliki cookies (tzw. \u201eciasteczka\u201d) stanowi\u0105 dane informatyczne, w szczeg\u00f3lno\u015bci pliki tekstowe, kt\u00f3re przechowywane s\u0105 w urz\u0105dzeniu ko\u0144cowym U\u017cytkownika Serwisu i przeznaczone s\u0105 do korzystania ze stron internetowych Serwisu. Cookies zazwyczaj zawieraj\u0105 nazw\u0119 strony internetowej, z kt\u00f3rej pochodz\u0105, czas przechowywania ich na urz\u0105dzeniu ko\u0144cowym oraz unikalny numer.<\/li>\n<li>Podmiotem zamieszczaj\u0105cym na urz\u0105dzeniu ko\u0144cowym U\u017cytkownika Serwisu pliki cookies oraz uzyskuj\u0105cym do nich dost\u0119p jest operator Serwisu \u2026 [nazwa podmiotu] z siedzib\u0105 pod adresem \u2026.<\/li>\n<li>Pliki cookies wykorzystywane s\u0105 w celu:<\/li>\n<\/ol>\n<p style=\"text-align: justify;\">a)\u00a0\u00a0\u00a0\u00a0\u00a0 dostosowania zawarto\u015bci stron internetowych Serwisu do preferencji U\u017cytkownika oraz optymalizacji korzystania ze stron internetowych; w szczeg\u00f3lno\u015bci pliki te pozwalaj\u0105 rozpozna\u0107 urz\u0105dzenie U\u017cytkownika Serwisu i odpowiednio wy\u015bwietli\u0107 stron\u0119 internetow\u0105, dostosowan\u0105 do jego indywidualnych potrzeb;<\/p>\n<p style=\"text-align: justify;\">b)\u00a0\u00a0\u00a0\u00a0\u00a0 tworzenia statystyk, kt\u00f3re pomagaj\u0105 zrozumie\u0107, w jaki spos\u00f3b U\u017cytkownicy Serwisu korzystaj\u0105 ze stron internetowych, co umo\u017cliwia ulepszanie ich struktury i zawarto\u015bci;<\/p>\n<p style=\"text-align: justify;\">c)\u00a0\u00a0\u00a0\u00a0\u00a0\u00a0 utrzymanie sesji U\u017cytkownika Serwisu (po zalogowaniu), dzi\u0119ki kt\u00f3rej U\u017cytkownik nie musi na ka\u017cdej podstronie Serwisu ponownie wpisywa\u0107 loginu i has\u0142a;<\/p>\n<ol style=\"text-align: justify;\" start=\"5\">\n<li>W ramach Serwisu stosowane s\u0105 dwa zasadnicze rodzaje plik\u00f3w cookies: \u201esesyjne\u201d \u00a0(<i>session cookies<\/i>) oraz \u201esta\u0142e\u201d (<i>persistent cookies<\/i>). Cookies \u201esesyjne\u201d s\u0105 plikami tymczasowymi, kt\u00f3re przechowywane s\u0105 w urz\u0105dzeniu ko\u0144cowym U\u017cytkownika do czasu wylogowania, opuszczenia strony internetowej lub wy\u0142\u0105czenia oprogramowania (przegl\u0105darki internetowej). \u201eSta\u0142e\u201d pliki cookies przechowywane s\u0105 w urz\u0105dzeniu ko\u0144cowym U\u017cytkownika przez czas okre\u015blony w parametrach plik\u00f3w cookies lub do czasu ich usuni\u0119cia przez U\u017cytkownika.<\/li>\n<li>W ramach Serwisu stosowane s\u0105 nast\u0119puj\u0105ce rodzaje plik\u00f3w cookies:<\/li>\n<\/ol>\n<p style=\"text-align: justify;\">a)\u00a0\u00a0\u00a0\u00a0\u00a0 \u201eniezb\u0119dne\u201d pliki cookies, umo\u017cliwiaj\u0105ce korzystanie z us\u0142ug dost\u0119pnych w ramach Serwisu, np. uwierzytelniaj\u0105ce pliki cookies wykorzystywane do us\u0142ug wymagaj\u0105cych uwierzytelniania w ramach Serwisu;<\/p>\n<p style=\"text-align: justify;\">b)\u00a0\u00a0\u00a0\u00a0\u00a0 pliki cookies s\u0142u\u017c\u0105ce do zapewnienia bezpiecze\u0144stwa, np. wykorzystywane do wykrywania nadu\u017cy\u0107 w zakresie uwierzytelniania w ramach Serwisu;<\/p>\n<p style=\"text-align: justify;\">c)\u00a0\u00a0\u00a0\u00a0\u00a0\u00a0 \u201ewydajno\u015bciowe\u201d pliki cookies, umo\u017cliwiaj\u0105ce zbieranie informacji o sposobie korzystania ze stron internetowych Serwisu;<\/p>\n<p style=\"text-align: justify;\">d)\u00a0\u00a0\u00a0\u00a0\u00a0 \u201efunkcjonalne\u201d pliki cookies, umo\u017cliwiaj\u0105ce \u201ezapami\u0119tanie\u201d wybranych przez U\u017cytkownika ustawie\u0144 i personalizacj\u0119 interfejsu U\u017cytkownika, np. w zakresie wybranego j\u0119zyka lub regionu, z kt\u00f3rego pochodzi U\u017cytkownik, rozmiaru czcionki, wygl\u0105du strony internetowej itp.;<\/p>\n<p style=\"text-align: justify;\">e)\u00a0\u00a0\u00a0\u00a0\u00a0 \u201ereklamowe\u201d pliki cookies, umo\u017cliwiaj\u0105ce dostarczanie U\u017cytkownikom tre\u015bci reklamowych bardziej dostosowanych do ich zainteresowa\u0144.<\/p>\n<p style=\"text-align: justify;\">f)\u00a0\u00a0\u00a0\u00a0\u00a0\u00a0 \u2026.<\/p>\n<ol start=\"7\">\n<li style=\"text-align: justify;\">W wielu przypadkach oprogramowanie s\u0142u\u017c\u0105ce do przegl\u0105dania stron internetowych (przegl\u0105darka internetowa) domy\u015blnie dopuszcza przechowywanie plik\u00f3w cookies w urz\u0105dzeniu ko\u0144cowym U\u017cytkownika. U\u017cytkownicy Serwisu mog\u0105 dokona\u0107 w ka\u017cdym czasie zmiany ustawie\u0144 dotycz\u0105cych plik\u00f3w cookies. Ustawienia te mog\u0105 zosta\u0107 zmienione w szczeg\u00f3lno\u015bci w taki spos\u00f3b, aby blokowa\u0107 automatyczn\u0105 obs\u0142ug\u0119 plik\u00f3w cookies w ustawieniach przegl\u0105darki internetowej b\u0105d\u017a informowa\u0107 o ich ka\u017cdorazowym zamieszczeniu w urz\u0105dzeniu U\u017cytkownika Serwisu. Szczeg\u00f3\u0142owe informacje o mo\u017cliwo\u015bci i sposobach obs\u0142ugi plik\u00f3w cookies dost\u0119pne s\u0105 w ustawieniach oprogramowania (przegl\u0105darki internetowej).<\/li>\n<li style=\"text-align: justify;\">Operator Serwisu informuje, \u017ce ograniczenia stosowania plik\u00f3w cookies mog\u0105 wp\u0142yn\u0105\u0107 na niekt\u00f3re funkcjonalno\u015bci dost\u0119pne na stronach internetowych Serwisu.<\/li>\n<li style=\"text-align: justify;\">Pliki cookies zamieszczane w urz\u0105dzeniu ko\u0144cowym U\u017cytkownika Serwisu i wykorzystywane mog\u0105 by\u0107 r\u00f3wnie\u017c przez wsp\u00f3\u0142pracuj\u0105cych z operatorem Serwisu reklamodawc\u00f3w oraz partner\u00f3w.<\/li>\n<li style=\"text-align: justify;\">Wi\u0119cej informacji na temat plik\u00f3w cookies dost\u0119pnych jest pod adresem\u00a0\u2026\u2026\u2026\u2026\u2026\u2026\u2026\u2026.\u2026 lub w sekcji \u201ePomoc\u201d w menu przegl\u0105darki internetowej.<\/li>\n<\/ol>\n","protected":false},"excerpt":{"rendered":"<p>Kim jeste\u015bmyAdresy naszej strony internetowej to: https:\/\/veriv.eu,\u00a0 oraz https:\/\/pokrzywko.com, Jakie dane osobiste zbieramy i dlaczego je zbieramy Komentarze Kiedy odwiedzaj\u0105cy witryn\u0119 zostawia komentarz, zbieramy dane widoczne w formularzu komentowania, jak i adres IP odwiedzaj\u0105cego oraz podpis jego przegl\u0105darki jako pomoc przy wykrywaniu spamu. Zanonimizowany ci\u0105g znak\u00f3w stworzony na podstawie twojego adresu email (tak zwany hash) [&hellip;]<\/p>\n","protected":false},"author":1,"featured_media":0,"parent":0,"menu_order":0,"comment_status":"closed","ping_status":"open","template":"","meta":{"footnotes":""},"class_list":["post-33","page","type-page","status-publish","hentry"],"yoast_head":"<!-- This site is optimized with the Yoast SEO plugin v23.4 - https:\/\/yoast.com\/wordpress\/plugins\/seo\/ -->\n<title>Polityka prywatno\u015bci - Kancelaria Prawna \/ Adwokat, Radca Prawny, Detektyw<\/title>\n<meta name=\"robots\" content=\"index, follow, max-snippet:-1, max-image-preview:large, max-video-preview:-1\" \/>\n<link rel=\"canonical\" href=\"https:\/\/veriv.eu\/index.php\/polityka-prywatnosci-2\/\" \/>\n<meta property=\"og:locale\" content=\"pl_PL\" \/>\n<meta property=\"og:type\" content=\"article\" \/>\n<meta property=\"og:title\" content=\"Polityka prywatno\u015bci - Kancelaria Prawna \/ Adwokat, Radca Prawny, Detektyw\" \/>\n<meta property=\"og:description\" content=\"Kim jeste\u015bmyAdresy naszej strony internetowej to: https:\/\/veriv.eu,\u00a0 oraz https:\/\/pokrzywko.com, Jakie dane osobiste zbieramy i dlaczego je zbieramy Komentarze Kiedy odwiedzaj\u0105cy witryn\u0119 zostawia komentarz, zbieramy dane widoczne w formularzu komentowania, jak i adres IP odwiedzaj\u0105cego oraz podpis jego przegl\u0105darki jako pomoc przy wykrywaniu spamu. Zanonimizowany ci\u0105g znak\u00f3w stworzony na podstawie twojego adresu email (tak zwany hash) [&hellip;]\" \/>\n<meta property=\"og:url\" content=\"https:\/\/veriv.eu\/index.php\/polityka-prywatnosci-2\/\" \/>\n<meta property=\"og:site_name\" content=\"Kancelaria Prawna \/ Adwokat, Radca Prawny, Detektyw\" \/>\n<meta property=\"article:modified_time\" content=\"2021-12-30T16:40:30+00:00\" \/>\n<meta name=\"twitter:card\" content=\"summary_large_image\" \/>\n<meta name=\"twitter:label1\" content=\"Szacowany czas czytania\" \/>\n\t<meta name=\"twitter:data1\" content=\"6 minut\" \/>\n<script type=\"application\/ld+json\" class=\"yoast-schema-graph\">{\"@context\":\"https:\/\/schema.org\",\"@graph\":[{\"@type\":\"WebPage\",\"@id\":\"https:\/\/veriv.eu\/index.php\/polityka-prywatnosci-2\/\",\"url\":\"https:\/\/veriv.eu\/index.php\/polityka-prywatnosci-2\/\",\"name\":\"Polityka prywatno\u015bci - Kancelaria Prawna \/ Adwokat, Radca Prawny, Detektyw\",\"isPartOf\":{\"@id\":\"https:\/\/veriv.eu\/#website\"},\"datePublished\":\"2019-04-13T10:53:40+00:00\",\"dateModified\":\"2021-12-30T16:40:30+00:00\",\"breadcrumb\":{\"@id\":\"https:\/\/veriv.eu\/index.php\/polityka-prywatnosci-2\/#breadcrumb\"},\"inLanguage\":\"pl-PL\",\"potentialAction\":[{\"@type\":\"ReadAction\",\"target\":[\"https:\/\/veriv.eu\/index.php\/polityka-prywatnosci-2\/\"]}]},{\"@type\":\"BreadcrumbList\",\"@id\":\"https:\/\/veriv.eu\/index.php\/polityka-prywatnosci-2\/#breadcrumb\",\"itemListElement\":[{\"@type\":\"ListItem\",\"position\":1,\"name\":\"Strona g\u0142\u00f3wna\",\"item\":\"https:\/\/veriv.eu\/\"},{\"@type\":\"ListItem\",\"position\":2,\"name\":\"Polityka prywatno\u015bci\"}]},{\"@type\":\"WebSite\",\"@id\":\"https:\/\/veriv.eu\/#website\",\"url\":\"https:\/\/veriv.eu\/\",\"name\":\"Kancelaria Prawna \/ Adwokat, Radca Prawny, Detektyw\",\"description\":\"Kancelaria Veriv\",\"potentialAction\":[{\"@type\":\"SearchAction\",\"target\":{\"@type\":\"EntryPoint\",\"urlTemplate\":\"https:\/\/veriv.eu\/?s={search_term_string}\"},\"query-input\":{\"@type\":\"PropertyValueSpecification\",\"valueRequired\":true,\"valueName\":\"search_term_string\"}}],\"inLanguage\":\"pl-PL\"}]}<\/script>\n<!-- \/ Yoast SEO plugin. -->","yoast_head_json":{"title":"Polityka prywatno\u015bci - Kancelaria Prawna \/ Adwokat, Radca Prawny, Detektyw","robots":{"index":"index","follow":"follow","max-snippet":"max-snippet:-1","max-image-preview":"max-image-preview:large","max-video-preview":"max-video-preview:-1"},"canonical":"https:\/\/veriv.eu\/index.php\/polityka-prywatnosci-2\/","og_locale":"pl_PL","og_type":"article","og_title":"Polityka prywatno\u015bci - Kancelaria Prawna \/ Adwokat, Radca Prawny, Detektyw","og_description":"Kim jeste\u015bmyAdresy naszej strony internetowej to: https:\/\/veriv.eu,\u00a0 oraz https:\/\/pokrzywko.com, Jakie dane osobiste zbieramy i dlaczego je zbieramy Komentarze Kiedy odwiedzaj\u0105cy witryn\u0119 zostawia komentarz, zbieramy dane widoczne w formularzu komentowania, jak i adres IP odwiedzaj\u0105cego oraz podpis jego przegl\u0105darki jako pomoc przy wykrywaniu spamu. Zanonimizowany ci\u0105g znak\u00f3w stworzony na podstawie twojego adresu email (tak zwany hash) [&hellip;]","og_url":"https:\/\/veriv.eu\/index.php\/polityka-prywatnosci-2\/","og_site_name":"Kancelaria Prawna \/ Adwokat, Radca Prawny, Detektyw","article_modified_time":"2021-12-30T16:40:30+00:00","twitter_card":"summary_large_image","twitter_misc":{"Szacowany czas czytania":"6 minut"},"schema":{"@context":"https:\/\/schema.org","@graph":[{"@type":"WebPage","@id":"https:\/\/veriv.eu\/index.php\/polityka-prywatnosci-2\/","url":"https:\/\/veriv.eu\/index.php\/polityka-prywatnosci-2\/","name":"Polityka prywatno\u015bci - Kancelaria Prawna \/ Adwokat, Radca Prawny, Detektyw","isPartOf":{"@id":"https:\/\/veriv.eu\/#website"},"datePublished":"2019-04-13T10:53:40+00:00","dateModified":"2021-12-30T16:40:30+00:00","breadcrumb":{"@id":"https:\/\/veriv.eu\/index.php\/polityka-prywatnosci-2\/#breadcrumb"},"inLanguage":"pl-PL","potentialAction":[{"@type":"ReadAction","target":["https:\/\/veriv.eu\/index.php\/polityka-prywatnosci-2\/"]}]},{"@type":"BreadcrumbList","@id":"https:\/\/veriv.eu\/index.php\/polityka-prywatnosci-2\/#breadcrumb","itemListElement":[{"@type":"ListItem","position":1,"name":"Strona g\u0142\u00f3wna","item":"https:\/\/veriv.eu\/"},{"@type":"ListItem","position":2,"name":"Polityka prywatno\u015bci"}]},{"@type":"WebSite","@id":"https:\/\/veriv.eu\/#website","url":"https:\/\/veriv.eu\/","name":"Kancelaria Prawna \/ Adwokat, Radca Prawny, Detektyw","description":"Kancelaria Veriv","potentialAction":[{"@type":"SearchAction","target":{"@type":"EntryPoint","urlTemplate":"https:\/\/veriv.eu\/?s={search_term_string}"},"query-input":{"@type":"PropertyValueSpecification","valueRequired":true,"valueName":"search_term_string"}}],"inLanguage":"pl-PL"}]}},"_links":{"self":[{"href":"https:\/\/veriv.eu\/index.php\/wp-json\/wp\/v2\/pages\/33","targetHints":{"allow":["GET"]}}],"collection":[{"href":"https:\/\/veriv.eu\/index.php\/wp-json\/wp\/v2\/pages"}],"about":[{"href":"https:\/\/veriv.eu\/index.php\/wp-json\/wp\/v2\/types\/page"}],"author":[{"embeddable":true,"href":"https:\/\/veriv.eu\/index.php\/wp-json\/wp\/v2\/users\/1"}],"replies":[{"embeddable":true,"href":"https:\/\/veriv.eu\/index.php\/wp-json\/wp\/v2\/comments?post=33"}],"version-history":[{"count":0,"href":"https:\/\/veriv.eu\/index.php\/wp-json\/wp\/v2\/pages\/33\/revisions"}],"wp:attachment":[{"href":"https:\/\/veriv.eu\/index.php\/wp-json\/wp\/v2\/media?parent=33"}],"curies":[{"name":"wp","href":"https:\/\/api.w.org\/{rel}","templated":true}]}}