{"version":"1.0","provider_name":"Kancelaria Prawna \/ Adwokat, Radca Prawny, Detektyw","provider_url":"https:\/\/veriv.eu","title":"Kancelaria Prawna \/ Prawo Karne, Cywilne, Gospodarcze - Kancelaria Prawna \/ Adwokat, Radca Prawny, Detektyw","type":"rich","width":600,"height":338,"html":"<blockquote class=\"wp-embedded-content\" data-secret=\"v9IQFJZHjx\"><a href=\"https:\/\/veriv.eu\/index.php\/2019\/04\/22\/pokrzywko-kancelaria-prawna-prawo-karne-cywilne-gospodarcze\/\">Kancelaria Prawna \/ Prawo Karne, Cywilne, Gospodarcze<\/a><\/blockquote><iframe sandbox=\"allow-scripts\" security=\"restricted\" src=\"https:\/\/veriv.eu\/index.php\/2019\/04\/22\/pokrzywko-kancelaria-prawna-prawo-karne-cywilne-gospodarcze\/embed\/#?secret=v9IQFJZHjx\" width=\"600\" height=\"338\" title=\"&#8222;Kancelaria Prawna \/ Prawo Karne, Cywilne, Gospodarcze&#8221; &#8212; Kancelaria Prawna \/ Adwokat, Radca Prawny, Detektyw\" data-secret=\"v9IQFJZHjx\" frameborder=\"0\" marginwidth=\"0\" marginheight=\"0\" scrolling=\"no\" class=\"wp-embedded-content\"><\/iframe><script type=\"text\/javascript\">\n\/* <![CDATA[ *\/\n\/*! This file is auto-generated *\/\n!function(d,l){\"use strict\";l.querySelector&&d.addEventListener&&\"undefined\"!=typeof URL&&(d.wp=d.wp||{},d.wp.receiveEmbedMessage||(d.wp.receiveEmbedMessage=function(e){var t=e.data;if((t||t.secret||t.message||t.value)&&!\/[^a-zA-Z0-9]\/.test(t.secret)){for(var s,r,n,a=l.querySelectorAll('iframe[data-secret=\"'+t.secret+'\"]'),o=l.querySelectorAll('blockquote[data-secret=\"'+t.secret+'\"]'),c=new RegExp(\"^https?:$\",\"i\"),i=0;i<o.length;i++)o[i].style.display=\"none\";for(i=0;i<a.length;i++)s=a[i],e.source===s.contentWindow&&(s.removeAttribute(\"style\"),\"height\"===t.message?(1e3<(r=parseInt(t.value,10))?r=1e3:~~r<200&&(r=200),s.height=r):\"link\"===t.message&&(r=new URL(s.getAttribute(\"src\")),n=new URL(t.value),c.test(n.protocol))&&n.host===r.host&&l.activeElement===s&&(d.top.location.href=t.value))}},d.addEventListener(\"message\",d.wp.receiveEmbedMessage,!1),l.addEventListener(\"DOMContentLoaded\",function(){for(var e,t,s=l.querySelectorAll(\"iframe.wp-embedded-content\"),r=0;r<s.length;r++)(t=(e=s[r]).getAttribute(\"data-secret\"))||(t=Math.random().toString(36).substring(2,12),e.src+=\"#?secret=\"+t,e.setAttribute(\"data-secret\",t)),e.contentWindow.postMessage({message:\"ready\",secret:t},\"*\")},!1)))}(window,document);\n\/* ]]> *\/\n<\/script>\n","thumbnail_url":"https:\/\/veriv.eu\/wp-content\/uploads\/2019\/04\/maxresdefault.jpg","thumbnail_width":1280,"thumbnail_height":720,"description":"Kancelaria Prawna i Gospodarcza VERIV\u00a0 oferuje szeroki wachlarz us\u0142ug na kt\u00f3ry sk\u0142ada si\u0119 kompleksowa obs\u0142uga podmiot\u00f3w gospodarczych oraz os\u00f3b fizycznych.\u00a0Nasz zesp\u00f3\u0142 to wysoko wyspecjalizowana kadra Adwokat\u00f3w, Radc\u00f3w Prawnych, Doradc\u00f3w oraz Prywatnych Detektyw\u00f3w.\u00a0Posiadamy wieloletnie do\u015bwiadczenie w obs\u0142udze sp\u00f3\u0142ek prawa handlowego jak r\u00f3wnie\u017c podmiot\u00f3w prowadz\u0105cych dzia\u0142alno\u015b\u0107 gospodarcz\u0105 w oparciu o wpis do CEIDG. Zajmujemy si\u0119 sprawami o [&hellip;]"}